{"id":6888,"date":"2016-10-21T11:15:59","date_gmt":"2016-10-21T09:15:59","guid":{"rendered":"https:\/\/www.albris.ch\/?page_id=6888"},"modified":"2026-04-06T10:47:06","modified_gmt":"2026-04-06T08:47:06","slug":"attic-room-roseg","status":"publish","type":"page","link":"https:\/\/www.albris.ch\/en\/zimmer\/dachzimmer-roseg\/","title":{"rendered":"Attic room Roseg"},"content":{"rendered":"<div data-elementor-type=\"wp-page\" data-elementor-id=\"6888\" class=\"elementor elementor-6888\" data-elementor-post-type=\"page\">\n\t\t\t\t\t\t<section class=\"elementor-section elementor-top-section elementor-element elementor-element-42c6d33 elementor-section-content-bottom cc_ondark elementor-section-full_width elementor-section-height-default elementor-section-height-default\" data-id=\"42c6d33\" data-element_type=\"section\" data-e-type=\"section\" data-settings=\"{&quot;background_background&quot;:&quot;classic&quot;}\">\n\t\t\t\t\t\t\t<div class=\"elementor-background-overlay\"><\/div>\n\t\t\t\t\t\t\t<div class=\"elementor-container elementor-column-gap-default\">\n\t\t\t\t\t<div class=\"elementor-column elementor-col-100 elementor-top-column elementor-element elementor-element-6c0e4b3\" data-id=\"6c0e4b3\" data-element_type=\"column\" data-e-type=\"column\" data-settings=\"{&quot;background_background&quot;:&quot;classic&quot;}\">\n\t\t\t<div class=\"elementor-widget-wrap elementor-element-populated\">\n\t\t\t\t\t<div class=\"elementor-background-overlay\"><\/div>\n\t\t\t\t\t\t<div class=\"elementor-element elementor-element-a006151 elementor-widget elementor-widget-spacer\" data-id=\"a006151\" data-element_type=\"widget\" data-e-type=\"widget\" data-widget_type=\"spacer.default\">\n\t\t\t\t<div class=\"elementor-widget-container\">\n\t\t\t\t\t\t\t<div class=\"elementor-spacer\">\n\t\t\t<div class=\"elementor-spacer-inner\"><\/div>\n\t\t<\/div>\n\t\t\t\t\t\t<\/div>\n\t\t\t\t<\/div>\n\t\t\t\t\t<\/div>\n\t\t<\/div>\n\t\t\t\t\t<\/div>\n\t\t<\/section>\n\t\t\t\t<section class=\"elementor-section elementor-top-section elementor-element elementor-element-e11ef7b elementor-section-boxed elementor-section-height-default elementor-section-height-default\" data-id=\"e11ef7b\" data-element_type=\"section\" data-e-type=\"section\">\n\t\t\t\t\t\t<div class=\"elementor-container elementor-column-gap-no\">\n\t\t\t\t\t<div class=\"elementor-column elementor-col-100 elementor-top-column elementor-element elementor-element-96fe55d\" data-id=\"96fe55d\" data-element_type=\"column\" data-e-type=\"column\">\n\t\t\t<div class=\"elementor-widget-wrap elementor-element-populated\">\n\t\t\t\t\t\t<div class=\"elementor-element elementor-element-dbcb5d5 elementor-widget elementor-widget-heading\" data-id=\"dbcb5d5\" data-element_type=\"widget\" data-e-type=\"widget\" data-widget_type=\"heading.default\">\n\t\t\t\t<div class=\"elementor-widget-container\">\n\t\t\t\t\t<h2 class=\"elementor-heading-title elementor-size-default\">Attic room Roseg\n<\/h2>\t\t\t\t<\/div>\n\t\t\t\t<\/div>\n\t\t\t\t<div class=\"elementor-element elementor-element-ba6ccbe elementor-widget elementor-widget-heading\" data-id=\"ba6ccbe\" data-element_type=\"widget\" data-e-type=\"widget\" data-widget_type=\"heading.default\">\n\t\t\t\t<div class=\"elementor-widget-container\">\n\t\t\t\t\t<h6 class=\"elementor-heading-title elementor-size-default\">from CHF 340.-<\/h6>\t\t\t\t<\/div>\n\t\t\t\t<\/div>\n\t\t\t\t<div class=\"elementor-element elementor-element-18000cf elementor-widget elementor-widget-text-editor\" data-id=\"18000cf\" data-element_type=\"widget\" data-e-type=\"widget\" data-widget_type=\"text-editor.default\">\n\t\t\t\t<div class=\"elementor-widget-container\">\n\t\t\t\t\t\t\t\t\t<p>Relaxation in the attic: luxuriously renovated with pleasant-smelling Grison larch wood.<\/p><p>In addition, beautiful views of the bubbling Bernina brook and the magnificent Engadine mountain scenery.<\/p>\t\t\t\t\t\t\t\t<\/div>\n\t\t\t\t<\/div>\n\t\t\t\t<div class=\"elementor-element elementor-element-763953a elementor-widget elementor-widget-heading\" data-id=\"763953a\" data-element_type=\"widget\" data-e-type=\"widget\" data-widget_type=\"heading.default\">\n\t\t\t\t<div class=\"elementor-widget-container\">\n\t\t\t\t\t<h4 class=\"elementor-heading-title elementor-size-default\">\u00abBubbling relaxation in Pontresina\u00bb\n<\/h4>\t\t\t\t<\/div>\n\t\t\t\t<\/div>\n\t\t\t\t\t<\/div>\n\t\t<\/div>\n\t\t\t\t\t<\/div>\n\t\t<\/section>\n\t\t\t\t<section class=\"elementor-section elementor-top-section elementor-element elementor-element-42b0351 elementor-section-boxed elementor-section-height-default elementor-section-height-default\" data-id=\"42b0351\" data-element_type=\"section\" data-e-type=\"section\" data-settings=\"{&quot;background_background&quot;:&quot;classic&quot;}\">\n\t\t\t\t\t\t<div class=\"elementor-container elementor-column-gap-no\">\n\t\t\t\t\t<div class=\"elementor-column elementor-col-50 elementor-top-column elementor-element elementor-element-7ba8bd0\" data-id=\"7ba8bd0\" data-element_type=\"column\" data-e-type=\"column\">\n\t\t\t<div class=\"elementor-widget-wrap elementor-element-populated\">\n\t\t\t\t\t\t<div class=\"elementor-element elementor-element-f139d59 elementor-widget elementor-widget-heading\" data-id=\"f139d59\" data-element_type=\"widget\" data-e-type=\"widget\" data-widget_type=\"heading.default\">\n\t\t\t\t<div class=\"elementor-widget-container\">\n\t\t\t\t\t<h2 class=\"elementor-heading-title elementor-size-default\">Prices<\/h2>\t\t\t\t<\/div>\n\t\t\t\t<\/div>\n\t\t\t\t<div class=\"elementor-element elementor-element-06b1a11 elementor-widget elementor-widget-accordion\" data-id=\"06b1a11\" data-element_type=\"widget\" data-e-type=\"widget\" data-widget_type=\"accordion.default\">\n\t\t\t\t<div class=\"elementor-widget-container\">\n\t\t\t\t\t\t\t<div class=\"elementor-accordion\">\n\t\t\t\t\t\t\t<div class=\"elementor-accordion-item\">\n\t\t\t\t\t<div id=\"elementor-tab-title-7011\" class=\"elementor-tab-title\" data-tab=\"1\" role=\"button\" aria-controls=\"elementor-tab-content-7011\" aria-expanded=\"false\">\n\t\t\t\t\t\t\t\t\t\t\t\t\t<span class=\"elementor-accordion-icon elementor-accordion-icon-left\" aria-hidden=\"true\">\n\t\t\t\t\t\t\t\t\t\t\t\t\t\t\t<span class=\"elementor-accordion-icon-closed\"><i class=\"fas fa-plus\"><\/i><\/span>\n\t\t\t\t\t\t\t\t<span class=\"elementor-accordion-icon-opened\"><i class=\"fas fa-minus\"><\/i><\/span>\n\t\t\t\t\t\t\t\t\t\t\t\t\t\t<\/span>\n\t\t\t\t\t\t\t\t\t\t\t\t<a class=\"elementor-accordion-title\" tabindex=\"0\">Summer 12.06.26 to 25.10.26<\/a>\n\t\t\t\t\t<\/div>\n\t\t\t\t\t<div id=\"elementor-tab-content-7011\" class=\"elementor-tab-content elementor-clearfix\" data-tab=\"1\" role=\"region\" aria-labelledby=\"elementor-tab-title-7011\"><p>from CHF 340.- with room and breakfast<br \/>from CHF 430.- with half board from 2 nights<br \/>Our prices are per room and day, excluding tourist tax of CHF 3.10 per person and day.<\/p><p><strong><span class=\"gold\">Mountain railways included<\/span><\/strong><br \/>From a stay of 2 nights free use of the Upper Engadine mountain railways as well as the use of public transport (bus &amp; train) in the Upper Engadine region.<\/p><\/div>\n\t\t\t\t<\/div>\n\t\t\t\t\t\t\t<div class=\"elementor-accordion-item\">\n\t\t\t\t\t<div id=\"elementor-tab-title-7012\" class=\"elementor-tab-title\" data-tab=\"2\" role=\"button\" aria-controls=\"elementor-tab-content-7012\" aria-expanded=\"false\">\n\t\t\t\t\t\t\t\t\t\t\t\t\t<span class=\"elementor-accordion-icon elementor-accordion-icon-left\" aria-hidden=\"true\">\n\t\t\t\t\t\t\t\t\t\t\t\t\t\t\t<span class=\"elementor-accordion-icon-closed\"><i class=\"fas fa-plus\"><\/i><\/span>\n\t\t\t\t\t\t\t\t<span class=\"elementor-accordion-icon-opened\"><i class=\"fas fa-minus\"><\/i><\/span>\n\t\t\t\t\t\t\t\t\t\t\t\t\t\t<\/span>\n\t\t\t\t\t\t\t\t\t\t\t\t<a class=\"elementor-accordion-title\" tabindex=\"0\">Winter 04.12.26 to 29.03.27<\/a>\n\t\t\t\t\t<\/div>\n\t\t\t\t\t<div id=\"elementor-tab-content-7012\" class=\"elementor-tab-content elementor-clearfix\" data-tab=\"2\" role=\"region\" aria-labelledby=\"elementor-tab-title-7012\"><p>from CHF 370.- with room and breakfast<br \/>from CHF 460.- with half board from 2 nights<br \/>Our prices are per room and day, excluding tourist tax of CHF 3.10 per person and day.<\/p><p><strong><span class=\"gold\">Hotel and ski pass<\/span><\/strong><br \/>As a hotel guest, you have the option of purchasing the hotel ski pass at a discounted rate of CHF 55.- per person per day for the entire duration of your stay.<\/p><\/div>\n\t\t\t\t<\/div>\n\t\t\t\t\t\t\t\t<\/div>\n\t\t\t\t\t\t<\/div>\n\t\t\t\t<\/div>\n\t\t\t\t<div class=\"elementor-element elementor-element-02b0a5e elementor-widget elementor-widget-text-editor\" data-id=\"02b0a5e\" data-element_type=\"widget\" data-e-type=\"widget\" data-widget_type=\"text-editor.default\">\n\t\t\t\t<div class=\"elementor-widget-container\">\n\t\t\t\t\t\t\t\t\t<p><strong>Garage<\/strong><br \/>CHF 15.- per day<\/p><p><strong>Dog<\/strong><br \/>CHF 15.- per day without food<\/p>\t\t\t\t\t\t\t\t<\/div>\n\t\t\t\t<\/div>\n\t\t\t\t\t<\/div>\n\t\t<\/div>\n\t\t\t\t<div class=\"elementor-column elementor-col-50 elementor-top-column elementor-element elementor-element-4824089\" data-id=\"4824089\" data-element_type=\"column\" data-e-type=\"column\">\n\t\t\t<div class=\"elementor-widget-wrap elementor-element-populated\">\n\t\t\t\t\t\t<div class=\"elementor-element elementor-element-041d124 elementor-arrows-position-inside elementor-pagination-position-outside elementor-widget elementor-widget-image-carousel\" data-id=\"041d124\" data-element_type=\"widget\" data-e-type=\"widget\" data-settings=\"{&quot;slides_to_show&quot;:&quot;1&quot;,&quot;navigation&quot;:&quot;both&quot;,&quot;autoplay&quot;:&quot;yes&quot;,&quot;pause_on_hover&quot;:&quot;yes&quot;,&quot;pause_on_interaction&quot;:&quot;yes&quot;,&quot;autoplay_speed&quot;:5000,&quot;infinite&quot;:&quot;yes&quot;,&quot;effect&quot;:&quot;slide&quot;,&quot;speed&quot;:500}\" data-widget_type=\"image-carousel.default\">\n\t\t\t\t<div class=\"elementor-widget-container\">\n\t\t\t\t\t\t\t<div class=\"elementor-image-carousel-wrapper swiper\" role=\"region\" aria-roledescription=\"carousel\" aria-label=\"Image Carousel\" dir=\"ltr\">\n\t\t\t<div class=\"elementor-image-carousel swiper-wrapper\" aria-live=\"off\">\n\t\t\t\t\t\t\t\t<div class=\"swiper-slide\" role=\"group\" aria-roledescription=\"slide\" aria-label=\"1 of 7\"><figure class=\"swiper-slide-inner\"><img decoding=\"async\" class=\"swiper-slide-image\" src=\"https:\/\/www.albris.ch\/wp-content\/uploads\/elementor\/thumbs\/albris_roseg_square_12-qye4uciewrfa3b38g7sdefeupyk6zt0gowaomp3lw4.jpg\" alt=\"albris_roseg_square_12\" \/><\/figure><\/div><div class=\"swiper-slide\" role=\"group\" aria-roledescription=\"slide\" aria-label=\"2 of 7\"><figure class=\"swiper-slide-inner\"><img decoding=\"async\" class=\"swiper-slide-image\" src=\"https:\/\/www.albris.ch\/wp-content\/uploads\/elementor\/thumbs\/albris_roseg_square_2-qye4udg93lgkex1vaq6zyx6bbcfk7i4710y63z27pw.jpg\" alt=\"albris_roseg_square_2\" \/><\/figure><\/div><div class=\"swiper-slide\" role=\"group\" aria-roledescription=\"slide\" aria-label=\"3 of 7\"><figure class=\"swiper-slide-inner\"><img decoding=\"async\" class=\"swiper-slide-image\" src=\"https:\/\/www.albris.ch\/wp-content\/uploads\/elementor\/thumbs\/albris_roseg_square_4-qye4ufbxh9j524z4zr093wp8i46amwbnpa952izfdg.jpg\" alt=\"albris_roseg_square_4\" \/><\/figure><\/div><div class=\"swiper-slide\" role=\"group\" aria-roledescription=\"slide\" aria-label=\"4 of 7\"><figure class=\"swiper-slide-inner\"><img decoding=\"async\" class=\"swiper-slide-image\" src=\"https:\/\/www.albris.ch\/wp-content\/uploads\/elementor\/thumbs\/albris_roseg_square_6-qye4uh7luxlppcweorti8w85ovx12aj4djk412wn10.jpg\" alt=\"albris_roseg_square_6\" \/><\/figure><\/div><div class=\"swiper-slide\" role=\"group\" aria-roledescription=\"slide\" aria-label=\"5 out of 7\"><figure class=\"swiper-slide-inner\"><img decoding=\"async\" class=\"swiper-slide-image\" src=\"https:\/\/www.albris.ch\/wp-content\/uploads\/elementor\/thumbs\/albris_roseg_square_7-qye4ui5g1rn00yv1ja84tdzma9se9zmupo7licv8us.jpg\" alt=\"albris_roseg_square_7\" \/><\/figure><\/div><div class=\"swiper-slide\" role=\"group\" aria-roledescription=\"slide\" aria-label=\"6 of 7\"><figure class=\"swiper-slide-inner\"><img decoding=\"async\" class=\"swiper-slide-image\" src=\"https:\/\/www.albris.ch\/wp-content\/uploads\/elementor\/thumbs\/albris_roseg_square_8-qye4uk14ffpko6sb8b1dydijh1j4pdubdxikgwsgic.jpg\" alt=\"albris_roseg_square_8\" \/><\/figure><\/div><div class=\"swiper-slide\" role=\"group\" aria-roledescription=\"slide\" aria-label=\"7 of 7\"><figure class=\"swiper-slide-inner\"><img decoding=\"async\" class=\"swiper-slide-image\" src=\"https:\/\/www.albris.ch\/wp-content\/uploads\/elementor\/thumbs\/albris_roseg_square_9-qye4ulwst3s5bepkxbun3d1gnt9v4s1s26tjfgpo5w.jpg\" alt=\"albris_roseg_square_9\" \/><\/figure><\/div>\t\t\t<\/div>\n\t\t\t\t\t\t\t\t\t\t\t\t<div class=\"elementor-swiper-button elementor-swiper-button-prev\" role=\"button\" tabindex=\"0\">\n\t\t\t\t\t\t<i aria-hidden=\"true\" class=\"eicon-chevron-left\"><\/i>\t\t\t\t\t<\/div>\n\t\t\t\t\t<div class=\"elementor-swiper-button elementor-swiper-button-next\" role=\"button\" tabindex=\"0\">\n\t\t\t\t\t\t<i aria-hidden=\"true\" class=\"eicon-chevron-right\"><\/i>\t\t\t\t\t<\/div>\n\t\t\t\t\n\t\t\t\t\t\t\t\t\t<div class=\"swiper-pagination\"><\/div>\n\t\t\t\t\t\t\t\t\t<\/div>\n\t\t\t\t\t\t<\/div>\n\t\t\t\t<\/div>\n\t\t\t\t\t<\/div>\n\t\t<\/div>\n\t\t\t\t\t<\/div>\n\t\t<\/section>\n\t\t\t\t<section class=\"elementor-section elementor-top-section elementor-element elementor-element-f18b79b elementor-section-boxed elementor-section-height-default elementor-section-height-default\" data-id=\"f18b79b\" data-element_type=\"section\" data-e-type=\"section\">\n\t\t\t\t\t\t<div class=\"elementor-container elementor-column-gap-no\">\n\t\t\t\t\t<div class=\"elementor-column elementor-col-100 elementor-top-column elementor-element elementor-element-a587e80\" data-id=\"a587e80\" data-element_type=\"column\" data-e-type=\"column\">\n\t\t\t<div class=\"elementor-widget-wrap elementor-element-populated\">\n\t\t\t\t\t\t<div class=\"elementor-element elementor-element-a6450fe elementor-widget elementor-widget-heading\" data-id=\"a6450fe\" data-element_type=\"widget\" data-e-type=\"widget\" data-widget_type=\"heading.default\">\n\t\t\t\t<div class=\"elementor-widget-container\">\n\t\t\t\t\t<h2 class=\"elementor-heading-title elementor-size-default\">Albris services<\/h2>\t\t\t\t<\/div>\n\t\t\t\t<\/div>\n\t\t\t\t<div class=\"elementor-element elementor-element-1b37f83 elementor-widget elementor-widget-accordion\" data-id=\"1b37f83\" data-element_type=\"widget\" data-e-type=\"widget\" data-widget_type=\"accordion.default\">\n\t\t\t\t<div class=\"elementor-widget-container\">\n\t\t\t\t\t\t\t<div class=\"elementor-accordion\">\n\t\t\t\t\t\t\t<div class=\"elementor-accordion-item\">\n\t\t\t\t\t<div id=\"elementor-tab-title-2851\" class=\"elementor-tab-title\" data-tab=\"1\" role=\"button\" aria-controls=\"elementor-tab-content-2851\" aria-expanded=\"false\">\n\t\t\t\t\t\t\t\t\t\t\t\t\t<span class=\"elementor-accordion-icon elementor-accordion-icon-left\" aria-hidden=\"true\">\n\t\t\t\t\t\t\t\t\t\t\t\t\t\t\t<span class=\"elementor-accordion-icon-closed\"><i class=\"fas fa-plus\"><\/i><\/span>\n\t\t\t\t\t\t\t\t<span class=\"elementor-accordion-icon-opened\"><i class=\"fas fa-minus\"><\/i><\/span>\n\t\t\t\t\t\t\t\t\t\t\t\t\t\t<\/span>\n\t\t\t\t\t\t\t\t\t\t\t\t<a class=\"elementor-accordion-title\" tabindex=\"0\">At the hotel<\/a>\n\t\t\t\t\t<\/div>\n\t\t\t\t\t<div id=\"elementor-tab-content-2851\" class=\"elementor-tab-content elementor-clearfix\" data-tab=\"1\" role=\"region\" aria-labelledby=\"elementor-tab-title-2851\"><p>Fine breakfast buffet: Large selection of bread from our own bakery, scrambled eggs, crepes, freshly squeezed orange juice, muesli, yoghurt, local meat - and cheese specialties and much more . . .<\/p><p>With half board- arrangement: extensive selection menu in which our guests can determine the number of courses and the size of the portions themselves.<\/p><p>Use of our wellness facility with sauna, sanarium, steam bath and relaxation room with a wonderful view of the mountains<\/p><p>Use of public transport (bus &amp; train) in the Upper Engadin region.<\/p><p>Shuttle service to and from the Pontresina train station (until 19.00 o&#039;clock) .<\/p><p>Large selection of newspapers and magazines in our lounge .<\/p><p>Room occupancy from 14.00 to 21.00 o&#039;clock. Room release by 11.00 o&#039;clock<\/p><\/div>\n\t\t\t\t<\/div>\n\t\t\t\t\t\t\t<div class=\"elementor-accordion-item\">\n\t\t\t\t\t<div id=\"elementor-tab-title-2852\" class=\"elementor-tab-title\" data-tab=\"2\" role=\"button\" aria-controls=\"elementor-tab-content-2852\" aria-expanded=\"false\">\n\t\t\t\t\t\t\t\t\t\t\t\t\t<span class=\"elementor-accordion-icon elementor-accordion-icon-left\" aria-hidden=\"true\">\n\t\t\t\t\t\t\t\t\t\t\t\t\t\t\t<span class=\"elementor-accordion-icon-closed\"><i class=\"fas fa-plus\"><\/i><\/span>\n\t\t\t\t\t\t\t\t<span class=\"elementor-accordion-icon-opened\"><i class=\"fas fa-minus\"><\/i><\/span>\n\t\t\t\t\t\t\t\t\t\t\t\t\t\t<\/span>\n\t\t\t\t\t\t\t\t\t\t\t\t<a class=\"elementor-accordion-title\" tabindex=\"0\">In the room<\/a>\n\t\t\t\t\t<\/div>\n\t\t\t\t\t<div id=\"elementor-tab-content-2852\" class=\"elementor-tab-content elementor-clearfix\" data-tab=\"2\" role=\"region\" aria-labelledby=\"elementor-tab-title-2852\"><p>shower<\/p><p>Toilet<\/p><p>Hairdryer<\/p><p>bathrobe<\/p><p>Care products<\/p><p>Pillow selection<\/p><p>mini-bar<\/p><p>safe<\/p><p>Flat screen TV<\/p><p>Free WiFi- Internet<\/p><p>Telephone<\/p><p>free bottle of water<\/p><\/div>\n\t\t\t\t<\/div>\n\t\t\t\t\t\t\t\t<\/div>\n\t\t\t\t\t\t<\/div>\n\t\t\t\t<\/div>\n\t\t\t\t\t<\/div>\n\t\t<\/div>\n\t\t\t\t\t<\/div>\n\t\t<\/section>\n\t\t\t\t<section class=\"elementor-section elementor-top-section elementor-element elementor-element-a4d9915 elementor-section-full_width elementor-section-height-default elementor-section-height-default\" data-id=\"a4d9915\" data-element_type=\"section\" data-e-type=\"section\">\n\t\t\t\t\t\t<div class=\"elementor-container elementor-column-gap-no\">\n\t\t\t\t\t<div class=\"elementor-column elementor-col-100 elementor-top-column elementor-element elementor-element-8e24b02\" data-id=\"8e24b02\" data-element_type=\"column\" data-e-type=\"column\">\n\t\t\t<div class=\"elementor-widget-wrap elementor-element-populated\">\n\t\t\t\t\t\t<div class=\"elementor-element elementor-element-adb2c10 elementor-widget elementor-widget-template\" data-id=\"adb2c10\" data-element_type=\"widget\" data-e-type=\"widget\" data-widget_type=\"template.default\">\n\t\t\t\t<div class=\"elementor-widget-container\">\n\t\t\t\t\t\t\t<div class=\"elementor-template\">\n\t\t\t\t\t<div data-elementor-type=\"section\" data-elementor-id=\"22038\" class=\"elementor elementor-22038\" data-elementor-post-type=\"elementor_library\">\n\t\t\t\t\t<section class=\"elementor-section elementor-top-section elementor-element elementor-element-707fe942 elementor-section-boxed elementor-section-height-default elementor-section-height-default\" data-id=\"707fe942\" data-element_type=\"section\" data-e-type=\"section\" data-settings=\"{&quot;background_background&quot;:&quot;classic&quot;}\">\n\t\t\t\t\t\t\t<div class=\"elementor-background-overlay\"><\/div>\n\t\t\t\t\t\t\t<div class=\"elementor-container elementor-column-gap-no\">\n\t\t\t\t\t<div class=\"elementor-column elementor-col-100 elementor-top-column elementor-element elementor-element-5966107 cc_ondark\" data-id=\"5966107\" data-element_type=\"column\" data-e-type=\"column\" data-settings=\"{&quot;background_background&quot;:&quot;classic&quot;}\">\n\t\t\t<div class=\"elementor-widget-wrap elementor-element-populated\">\n\t\t\t\t\t\t<div class=\"elementor-element elementor-element-4f4b4f3f elementor-widget elementor-widget-heading\" data-id=\"4f4b4f3f\" data-element_type=\"widget\" data-e-type=\"widget\" data-widget_type=\"heading.default\">\n\t\t\t\t<div class=\"elementor-widget-container\">\n\t\t\t\t\t<h5 class=\"elementor-heading-title elementor-size-default\">Take a vacation with us<\/h5>\t\t\t\t<\/div>\n\t\t\t\t<\/div>\n\t\t\t\t<div class=\"elementor-element elementor-element-523f4a4c elementor-widget elementor-widget-heading\" data-id=\"523f4a4c\" data-element_type=\"widget\" data-e-type=\"widget\" data-widget_type=\"heading.default\">\n\t\t\t\t<div class=\"elementor-widget-container\">\n\t\t\t\t\t<h2 class=\"elementor-heading-title elementor-size-default\">37 high-quality rooms. furnished with lots of wood from the Engadine forests<\/h2>\t\t\t\t<\/div>\n\t\t\t\t<\/div>\n\t\t\t\t<div class=\"elementor-element elementor-element-181b27bf elementor-align-center cc_ondarkbutton elementor-widget elementor-widget-button\" data-id=\"181b27bf\" data-element_type=\"widget\" data-e-type=\"widget\" data-widget_type=\"button.default\">\n\t\t\t\t<div class=\"elementor-widget-container\">\n\t\t\t\t\t\t\t\t\t<div class=\"elementor-button-wrapper\">\n\t\t\t\t\t<a class=\"elementor-button elementor-button-link elementor-size-sm\" href=\"https:\/\/www.albris.ch\/en\/room\/#start\">\n\t\t\t\t\t\t<span class=\"elementor-button-content-wrapper\">\n\t\t\t\t\t\t\t\t\t<span class=\"elementor-button-text\">Back to the room overview<\/span>\n\t\t\t\t\t<\/span>\n\t\t\t\t\t<\/a>\n\t\t\t\t<\/div>\n\t\t\t\t\t\t\t\t<\/div>\n\t\t\t\t<\/div>\n\t\t\t\t\t<\/div>\n\t\t<\/div>\n\t\t\t\t\t<\/div>\n\t\t<\/section>\n\t\t\t\t<\/div>\n\t\t\t\t<\/div>\n\t\t\t\t\t\t<\/div>\n\t\t\t\t<\/div>\n\t\t\t\t\t<\/div>\n\t\t<\/div>\n\t\t\t\t\t<\/div>\n\t\t<\/section>\n\t\t\t\t<\/div>","protected":false},"excerpt":{"rendered":"<p>Dachzimmer Roseg ab CHF 340.- Entspannung im Dachgeschoss: mit wohlriechendem B\u00fcndner L\u00e4rchenholz luxuri\u00f6s renoviert. Dazu eine fantastischen Aussicht auf den rauschenden Berninabach und die grossartige Engadiner Berglandschaft. \u00abRauschende Erholung in Pontresina\u00bb Preise Sommer 12.06.26 bis 25.10.26 ab CHF 340.- mit Zimmer und Fr\u00fchst\u00fcckab CHF 430.- mit Halbpension ab 2 N\u00e4chtenUnsere Preise verstehen sich pro Zimmer [&hellip;]<\/p>\n","protected":false},"author":1,"featured_media":0,"parent":6444,"menu_order":0,"comment_status":"closed","ping_status":"closed","template":"","meta":{"footnotes":""},"class_list":["post-6888","page","type-page","status-publish","hentry"],"yoast_head":"<!-- This site is optimized with the Yoast SEO plugin v27.4 - https:\/\/yoast.com\/product\/yoast-seo-wordpress\/ -->\n<title>Dachzimmer Roseg I Hotel Albris Pontresina<\/title>\n<meta name=\"description\" content=\"Dachzimmer Roseg - Entspannung im Dachgeschoss: mit wohlriechendem B\u00fcndner L\u00e4rchenholz luxuri\u00f6s renoviert. Dazu eine fantastischen Aussicht...\" \/>\n<meta name=\"robots\" content=\"index, follow, max-snippet:-1, max-image-preview:large, max-video-preview:-1\" \/>\n<link rel=\"canonical\" href=\"https:\/\/www.albris.ch\/en\/room\/attic-room-roseg\/\" \/>\n<meta property=\"og:locale\" content=\"en_GB\" \/>\n<meta property=\"og:type\" content=\"article\" \/>\n<meta property=\"og:title\" content=\"Dachzimmer Roseg I Hotel Albris Pontresina\" \/>\n<meta property=\"og:description\" content=\"Dachzimmer Roseg - Entspannung im Dachgeschoss: mit wohlriechendem B\u00fcndner L\u00e4rchenholz luxuri\u00f6s renoviert. Dazu eine fantastischen Aussicht...\" \/>\n<meta property=\"og:url\" content=\"https:\/\/www.albris.ch\/en\/room\/attic-room-roseg\/\" \/>\n<meta property=\"og:site_name\" content=\"Hotel Albris Pontresina\" \/>\n<meta property=\"article:publisher\" content=\"https:\/\/www.facebook.com\/KOCHEND%c3%96RFERS-HOTEL-ALBRIS-Pontresina-Switzerland-133357763361393\" \/>\n<meta property=\"article:modified_time\" content=\"2026-04-06T08:47:06+00:00\" \/>\n<meta property=\"og:image\" content=\"https:\/\/www.albris.ch\/wp-content\/uploads\/elementor\/thumbs\/albris_roseg_square_12-qye4uciewrfa3b38g7sdefeupyk6zt0gowaomp3lw4.jpg\" \/>\n<meta name=\"twitter:card\" content=\"summary_large_image\" \/>\n<meta name=\"twitter:label1\" content=\"Estimated reading time\" \/>\n\t<meta name=\"twitter:data1\" content=\"4 minutes\" \/>\n<script type=\"application\/ld+json\" class=\"yoast-schema-graph\">{\"@context\":\"https:\\\/\\\/schema.org\",\"@graph\":[{\"@type\":\"WebPage\",\"@id\":\"https:\\\/\\\/www.albris.ch\\\/zimmer\\\/dachzimmer-roseg\\\/\",\"url\":\"https:\\\/\\\/www.albris.ch\\\/zimmer\\\/dachzimmer-roseg\\\/\",\"name\":\"Dachzimmer Roseg I Hotel Albris Pontresina\",\"isPartOf\":{\"@id\":\"https:\\\/\\\/www.albris.ch\\\/#website\"},\"primaryImageOfPage\":{\"@id\":\"https:\\\/\\\/www.albris.ch\\\/zimmer\\\/dachzimmer-roseg\\\/#primaryimage\"},\"image\":{\"@id\":\"https:\\\/\\\/www.albris.ch\\\/zimmer\\\/dachzimmer-roseg\\\/#primaryimage\"},\"thumbnailUrl\":\"https:\\\/\\\/www.albris.ch\\\/wp-content\\\/uploads\\\/elementor\\\/thumbs\\\/albris_roseg_square_12-qye4uciewrfa3b38g7sdefeupyk6zt0gowaomp3lw4.jpg\",\"datePublished\":\"2016-10-21T09:15:59+00:00\",\"dateModified\":\"2026-04-06T08:47:06+00:00\",\"description\":\"Dachzimmer Roseg - Entspannung im Dachgeschoss: mit wohlriechendem B\u00fcndner L\u00e4rchenholz luxuri\u00f6s renoviert. Dazu eine fantastischen Aussicht...\",\"breadcrumb\":{\"@id\":\"https:\\\/\\\/www.albris.ch\\\/zimmer\\\/dachzimmer-roseg\\\/#breadcrumb\"},\"inLanguage\":\"en-GB\",\"potentialAction\":[{\"@type\":\"ReadAction\",\"target\":[\"https:\\\/\\\/www.albris.ch\\\/zimmer\\\/dachzimmer-roseg\\\/\"]}]},{\"@type\":\"ImageObject\",\"inLanguage\":\"en-GB\",\"@id\":\"https:\\\/\\\/www.albris.ch\\\/zimmer\\\/dachzimmer-roseg\\\/#primaryimage\",\"url\":\"https:\\\/\\\/www.albris.ch\\\/wp-content\\\/uploads\\\/elementor\\\/thumbs\\\/albris_roseg_square_12-qye4uciewrfa3b38g7sdefeupyk6zt0gowaomp3lw4.jpg\",\"contentUrl\":\"https:\\\/\\\/www.albris.ch\\\/wp-content\\\/uploads\\\/elementor\\\/thumbs\\\/albris_roseg_square_12-qye4uciewrfa3b38g7sdefeupyk6zt0gowaomp3lw4.jpg\"},{\"@type\":\"BreadcrumbList\",\"@id\":\"https:\\\/\\\/www.albris.ch\\\/zimmer\\\/dachzimmer-roseg\\\/#breadcrumb\",\"itemListElement\":[{\"@type\":\"ListItem\",\"position\":1,\"name\":\"Home\",\"item\":\"https:\\\/\\\/www.albris.ch\\\/\"},{\"@type\":\"ListItem\",\"position\":2,\"name\":\"Zimmer\",\"item\":\"https:\\\/\\\/www.albris.ch\\\/zimmer\\\/\"},{\"@type\":\"ListItem\",\"position\":3,\"name\":\"Dachzimmer Roseg\"}]},{\"@type\":\"WebSite\",\"@id\":\"https:\\\/\\\/www.albris.ch\\\/#website\",\"url\":\"https:\\\/\\\/www.albris.ch\\\/\",\"name\":\"Hotel Albris Pontresina\",\"description\":\"Der Name Kochend\u00f6rfer steht seit \u00fcber 100 Jahren f\u00fcr Tradition und hochwertigen Genuss.\",\"publisher\":{\"@id\":\"https:\\\/\\\/www.albris.ch\\\/#organization\"},\"potentialAction\":[{\"@type\":\"SearchAction\",\"target\":{\"@type\":\"EntryPoint\",\"urlTemplate\":\"https:\\\/\\\/www.albris.ch\\\/?s={search_term_string}\"},\"query-input\":{\"@type\":\"PropertyValueSpecification\",\"valueRequired\":true,\"valueName\":\"search_term_string\"}}],\"inLanguage\":\"en-GB\"},{\"@type\":\"Organization\",\"@id\":\"https:\\\/\\\/www.albris.ch\\\/#organization\",\"name\":\"Hotel Albris\",\"url\":\"https:\\\/\\\/www.albris.ch\\\/\",\"logo\":{\"@type\":\"ImageObject\",\"inLanguage\":\"en-GB\",\"@id\":\"https:\\\/\\\/www.albris.ch\\\/#\\\/schema\\\/logo\\\/image\\\/\",\"url\":\"https:\\\/\\\/www.albris.ch\\\/wp-content\\\/uploads\\\/2016\\\/08\\\/albris-logo@1x.png\",\"contentUrl\":\"https:\\\/\\\/www.albris.ch\\\/wp-content\\\/uploads\\\/2016\\\/08\\\/albris-logo@1x.png\",\"width\":182,\"height\":56,\"caption\":\"Hotel Albris\"},\"image\":{\"@id\":\"https:\\\/\\\/www.albris.ch\\\/#\\\/schema\\\/logo\\\/image\\\/\"},\"sameAs\":[\"https:\\\/\\\/www.facebook.com\\\/KOCHEND\u00d6RFERS-HOTEL-ALBRIS-Pontresina-Switzerland-133357763361393\"]}]}<\/script>\n<!-- \/ Yoast SEO plugin. -->","yoast_head_json":{"title":"Attic room Roseg I Hotel Albris Pontresina","description":"Roseg attic room - Relaxation in the attic: luxuriously renovated with fragrant Grisons larch wood. Plus a fantastic view...","robots":{"index":"index","follow":"follow","max-snippet":"max-snippet:-1","max-image-preview":"max-image-preview:large","max-video-preview":"max-video-preview:-1"},"canonical":"https:\/\/www.albris.ch\/en\/room\/attic-room-roseg\/","og_locale":"en_GB","og_type":"article","og_title":"Dachzimmer Roseg I Hotel Albris Pontresina","og_description":"Dachzimmer Roseg - Entspannung im Dachgeschoss: mit wohlriechendem B\u00fcndner L\u00e4rchenholz luxuri\u00f6s renoviert. Dazu eine fantastischen Aussicht...","og_url":"https:\/\/www.albris.ch\/en\/room\/attic-room-roseg\/","og_site_name":"Hotel Albris Pontresina","article_publisher":"https:\/\/www.facebook.com\/KOCHEND%c3%96RFERS-HOTEL-ALBRIS-Pontresina-Switzerland-133357763361393","article_modified_time":"2026-04-06T08:47:06+00:00","og_image":[{"url":"https:\/\/www.albris.ch\/wp-content\/uploads\/elementor\/thumbs\/albris_roseg_square_12-qye4uciewrfa3b38g7sdefeupyk6zt0gowaomp3lw4.jpg","type":"","width":"","height":""}],"twitter_card":"summary_large_image","twitter_misc":{"Estimated reading time":"4 minutes"},"schema":{"@context":"https:\/\/schema.org","@graph":[{"@type":"WebPage","@id":"https:\/\/www.albris.ch\/zimmer\/dachzimmer-roseg\/","url":"https:\/\/www.albris.ch\/zimmer\/dachzimmer-roseg\/","name":"Attic room Roseg I Hotel Albris Pontresina","isPartOf":{"@id":"https:\/\/www.albris.ch\/#website"},"primaryImageOfPage":{"@id":"https:\/\/www.albris.ch\/zimmer\/dachzimmer-roseg\/#primaryimage"},"image":{"@id":"https:\/\/www.albris.ch\/zimmer\/dachzimmer-roseg\/#primaryimage"},"thumbnailUrl":"https:\/\/www.albris.ch\/wp-content\/uploads\/elementor\/thumbs\/albris_roseg_square_12-qye4uciewrfa3b38g7sdefeupyk6zt0gowaomp3lw4.jpg","datePublished":"2016-10-21T09:15:59+00:00","dateModified":"2026-04-06T08:47:06+00:00","description":"Roseg attic room - Relaxation in the attic: luxuriously renovated with fragrant Grisons larch wood. Plus a fantastic view...","breadcrumb":{"@id":"https:\/\/www.albris.ch\/zimmer\/dachzimmer-roseg\/#breadcrumb"},"inLanguage":"en-GB","potentialAction":[{"@type":"ReadAction","target":["https:\/\/www.albris.ch\/zimmer\/dachzimmer-roseg\/"]}]},{"@type":"ImageObject","inLanguage":"en-GB","@id":"https:\/\/www.albris.ch\/zimmer\/dachzimmer-roseg\/#primaryimage","url":"https:\/\/www.albris.ch\/wp-content\/uploads\/elementor\/thumbs\/albris_roseg_square_12-qye4uciewrfa3b38g7sdefeupyk6zt0gowaomp3lw4.jpg","contentUrl":"https:\/\/www.albris.ch\/wp-content\/uploads\/elementor\/thumbs\/albris_roseg_square_12-qye4uciewrfa3b38g7sdefeupyk6zt0gowaomp3lw4.jpg"},{"@type":"BreadcrumbList","@id":"https:\/\/www.albris.ch\/zimmer\/dachzimmer-roseg\/#breadcrumb","itemListElement":[{"@type":"ListItem","position":1,"name":"Home","item":"https:\/\/www.albris.ch\/"},{"@type":"ListItem","position":2,"name":"Zimmer","item":"https:\/\/www.albris.ch\/zimmer\/"},{"@type":"ListItem","position":3,"name":"Dachzimmer Roseg"}]},{"@type":"WebSite","@id":"https:\/\/www.albris.ch\/#website","url":"https:\/\/www.albris.ch\/","name":"Hotel Albris Pontresina","description":"The name Kochend\u00f6rfer has stood for tradition and high-quality enjoyment for over 100 years","publisher":{"@id":"https:\/\/www.albris.ch\/#organization"},"potentialAction":[{"@type":"SearchAction","target":{"@type":"EntryPoint","urlTemplate":"https:\/\/www.albris.ch\/?s={search_term_string}"},"query-input":{"@type":"PropertyValueSpecification","valueRequired":true,"valueName":"search_term_string"}}],"inLanguage":"en-GB"},{"@type":"Organization","@id":"https:\/\/www.albris.ch\/#organization","name":"Hotel Albris","url":"https:\/\/www.albris.ch\/","logo":{"@type":"ImageObject","inLanguage":"en-GB","@id":"https:\/\/www.albris.ch\/#\/schema\/logo\/image\/","url":"https:\/\/www.albris.ch\/wp-content\/uploads\/2016\/08\/albris-logo@1x.png","contentUrl":"https:\/\/www.albris.ch\/wp-content\/uploads\/2016\/08\/albris-logo@1x.png","width":182,"height":56,"caption":"Hotel Albris"},"image":{"@id":"https:\/\/www.albris.ch\/#\/schema\/logo\/image\/"},"sameAs":["https:\/\/www.facebook.com\/KOCHEND\u00d6RFERS-HOTEL-ALBRIS-Pontresina-Switzerland-133357763361393"]}]}},"_links":{"self":[{"href":"https:\/\/www.albris.ch\/en\/wp-json\/wp\/v2\/pages\/6888","targetHints":{"allow":["GET"]}}],"collection":[{"href":"https:\/\/www.albris.ch\/en\/wp-json\/wp\/v2\/pages"}],"about":[{"href":"https:\/\/www.albris.ch\/en\/wp-json\/wp\/v2\/types\/page"}],"author":[{"embeddable":true,"href":"https:\/\/www.albris.ch\/en\/wp-json\/wp\/v2\/users\/1"}],"replies":[{"embeddable":true,"href":"https:\/\/www.albris.ch\/en\/wp-json\/wp\/v2\/comments?post=6888"}],"version-history":[{"count":3,"href":"https:\/\/www.albris.ch\/en\/wp-json\/wp\/v2\/pages\/6888\/revisions"}],"predecessor-version":[{"id":26961,"href":"https:\/\/www.albris.ch\/en\/wp-json\/wp\/v2\/pages\/6888\/revisions\/26961"}],"up":[{"embeddable":true,"href":"https:\/\/www.albris.ch\/en\/wp-json\/wp\/v2\/pages\/6444"}],"wp:attachment":[{"href":"https:\/\/www.albris.ch\/en\/wp-json\/wp\/v2\/media?parent=6888"}],"curies":[{"name":"wp","href":"https:\/\/api.w.org\/{rel}","templated":true}]}}